{"id":1378,"date":"2026-07-30T08:32:47","date_gmt":"2026-07-30T08:32:47","guid":{"rendered":"https:\/\/sti.heldensupport.com\/?post_type=events&#038;p=1378"},"modified":"2026-07-30T08:32:48","modified_gmt":"2026-07-30T08:32:48","slug":"paris-packaging-week-27","status":"publish","type":"events","link":"https:\/\/sti.heldensupport.com\/hu\/ueber-uns\/events\/paris-packaging-week-27\/","title":{"rendered":"P\u00e1rizsi Csomagol\u00e1si H\u00e9t 27."},"content":{"rendered":"","protected":false},"excerpt":{"rendered":"<p>A 2027-es Paris Packaging Week 2027. febru\u00e1r 3\u20134-\u00e9n ker\u00fcl megrendez\u00e9sre a p\u00e1rizsi Paris Expo Porte de Versailles ki\u00e1ll\u00edt\u00e1si k\u00f6zpontban (1. pavilon). Ez a kozmetikai, luxuscikk- \u00e9s italipari \u00e1gazatok csomagol\u00e1stervez\u00e9s\u00e9nek \u00e9s innov\u00e1ci\u00f3j\u00e1nak egyik legfontosabb szakki\u00e1ll\u00edt\u00e1sa.<\/p>","protected":false},"featured_media":919,"template":"","meta":{"_acf_changed":true},"tags":[],"class_list":["post-1378","events","type-events","status-publish","has-post-thumbnail","hentry"],"acf":[],"dsm_author":{"name":"Alwina Neumann","avatar_url":"https:\/\/secure.gravatar.com\/avatar\/8f7f8123e32989469c4c41f157d3f6361176c725aa83f66fde45e4b6ee9f0346?s=96&d=mm&r=g","archive_link":"https:\/\/sti.heldensupport.com\/hu\/author\/alwina-neumann\/","biodata":""},"dsm_categories":[],"dsm_attachment_categories":[],"dsm_featured_image":{"thumbnail":"https:\/\/sti.heldensupport.com\/wp-content\/uploads\/2026\/07\/parispackagingweek_logo-150x150.jpg","medium":"https:\/\/sti.heldensupport.com\/wp-content\/uploads\/2026\/07\/parispackagingweek_logo-300x300.jpg","medium_large":"https:\/\/sti.heldensupport.com\/wp-content\/uploads\/2026\/07\/parispackagingweek_logo-768x768.jpg","large":"https:\/\/sti.heldensupport.com\/wp-content\/uploads\/2026\/07\/parispackagingweek_logo-1024x1024.jpg","1536x1536":"https:\/\/sti.heldensupport.com\/wp-content\/uploads\/2026\/07\/parispackagingweek_logo.jpg","2048x2048":"https:\/\/sti.heldensupport.com\/wp-content\/uploads\/2026\/07\/parispackagingweek_logo.jpg","trp-custom-language-flag":"https:\/\/sti.heldensupport.com\/wp-content\/uploads\/2026\/07\/parispackagingweek_logo-12x12.jpg","et-pb-post-main-image":"https:\/\/sti.heldensupport.com\/wp-content\/uploads\/2026\/07\/parispackagingweek_logo-400x250.jpg","et-pb-post-main-image-fullwidth":"https:\/\/sti.heldensupport.com\/wp-content\/uploads\/2026\/07\/parispackagingweek_logo-1080x675.jpg","et-pb-portfolio-image":"https:\/\/sti.heldensupport.com\/wp-content\/uploads\/2026\/07\/parispackagingweek_logo-400x284.jpg","et-pb-portfolio-module-image":"https:\/\/sti.heldensupport.com\/wp-content\/uploads\/2026\/07\/parispackagingweek_logo-510x382.jpg","et-pb-portfolio-image-single":"https:\/\/sti.heldensupport.com\/wp-content\/uploads\/2026\/07\/parispackagingweek_logo-1080x1080.jpg","et-pb-gallery-module-image-portrait":"https:\/\/sti.heldensupport.com\/wp-content\/uploads\/2026\/07\/parispackagingweek_logo-400x516.jpg","et-pb-post-main-image-fullwidth-large":"https:\/\/sti.heldensupport.com\/wp-content\/uploads\/2026\/07\/parispackagingweek_logo.jpg","et-pb-image--responsive--desktop":"https:\/\/sti.heldensupport.com\/wp-content\/uploads\/2026\/07\/parispackagingweek_logo-1280x1280.jpg","et-pb-image--responsive--tablet":"https:\/\/sti.heldensupport.com\/wp-content\/uploads\/2026\/07\/parispackagingweek_logo-980x980.jpg","et-pb-image--responsive--phone":"https:\/\/sti.heldensupport.com\/wp-content\/uploads\/2026\/07\/parispackagingweek_logo-480x480.jpg","full":"https:\/\/sti.heldensupport.com\/wp-content\/uploads\/2026\/07\/parispackagingweek_logo.jpg"},"dsm_comment_count":0,"yoast_head":"<!-- This site is optimized with the Yoast SEO Premium plugin v28.3 (Yoast SEO v28.3) - https:\/\/yoast.com\/product\/yoast-seo-premium-wordpress\/ -->\n<title>Paris Packaging Week 27 - STI Group<\/title>\n<meta name=\"robots\" content=\"index, follow, max-snippet:-1, max-image-preview:large, max-video-preview:-1\" \/>\n<link rel=\"canonical\" href=\"https:\/\/sti.heldensupport.com\/hu\/events\/paris-packaging-week-27\/\" \/>\n<meta property=\"og:locale\" content=\"hu_HU\" \/>\n<meta property=\"og:type\" content=\"article\" \/>\n<meta property=\"og:title\" content=\"Paris Packaging Week 27\" \/>\n<meta property=\"og:description\" content=\"Die Paris Packaging Week 2027 findet vom 3. bis 4. Februar 2027 im Messegel\u00e4nde Paris Expo Porte de Versailles (Pavillon 1) in Paris statt. Sie ist eine wichtige Messe f\u00fcr Verpackungsdesign und Innovation in den Bereichen Kosmetik, Luxusg\u00fcter und Getr\u00e4nke.\" \/>\n<meta property=\"og:url\" content=\"https:\/\/sti.heldensupport.com\/hu\/events\/paris-packaging-week-27\/\" \/>\n<meta property=\"og:site_name\" content=\"STI Group\" \/>\n<meta property=\"article:modified_time\" content=\"2026-07-30T08:32:48+00:00\" \/>\n<meta property=\"og:image\" content=\"https:\/\/sti.heldensupport.com\/wp-content\/uploads\/2026\/07\/parispackagingweek_logo.jpg\" \/>\n\t<meta property=\"og:image:width\" content=\"200\" \/>\n\t<meta property=\"og:image:height\" content=\"200\" \/>\n\t<meta property=\"og:image:type\" content=\"image\/jpeg\" \/>\n<meta name=\"twitter:card\" content=\"summary_large_image\" \/>\n<script type=\"application\/ld+json\" class=\"yoast-schema-graph\">{\"@context\":\"https:\\\/\\\/schema.org\",\"@graph\":[{\"@type\":\"WebPage\",\"@id\":\"https:\\\/\\\/sti.heldensupport.com\\\/events\\\/paris-packaging-week-27\\\/\",\"url\":\"https:\\\/\\\/sti.heldensupport.com\\\/events\\\/paris-packaging-week-27\\\/\",\"name\":\"Paris Packaging Week 27 - STI Group\",\"isPartOf\":{\"@id\":\"https:\\\/\\\/sti.heldensupport.com\\\/#website\"},\"primaryImageOfPage\":{\"@id\":\"https:\\\/\\\/sti.heldensupport.com\\\/events\\\/paris-packaging-week-27\\\/#primaryimage\"},\"image\":{\"@id\":\"https:\\\/\\\/sti.heldensupport.com\\\/events\\\/paris-packaging-week-27\\\/#primaryimage\"},\"thumbnailUrl\":\"https:\\\/\\\/sti.heldensupport.com\\\/wp-content\\\/uploads\\\/2026\\\/07\\\/parispackagingweek_logo.jpg\",\"datePublished\":\"2026-07-30T08:32:47+00:00\",\"dateModified\":\"2026-07-30T08:32:48+00:00\",\"breadcrumb\":{\"@id\":\"https:\\\/\\\/sti.heldensupport.com\\\/events\\\/paris-packaging-week-27\\\/#breadcrumb\"},\"inLanguage\":\"hu\",\"potentialAction\":[{\"@type\":\"ReadAction\",\"target\":[\"https:\\\/\\\/sti.heldensupport.com\\\/events\\\/paris-packaging-week-27\\\/\"]}]},{\"@type\":\"ImageObject\",\"inLanguage\":\"hu\",\"@id\":\"https:\\\/\\\/sti.heldensupport.com\\\/events\\\/paris-packaging-week-27\\\/#primaryimage\",\"url\":\"https:\\\/\\\/sti.heldensupport.com\\\/wp-content\\\/uploads\\\/2026\\\/07\\\/parispackagingweek_logo.jpg\",\"contentUrl\":\"https:\\\/\\\/sti.heldensupport.com\\\/wp-content\\\/uploads\\\/2026\\\/07\\\/parispackagingweek_logo.jpg\",\"width\":1500,\"height\":1500,\"caption\":\"Paris Packaging Week\"},{\"@type\":\"BreadcrumbList\",\"@id\":\"https:\\\/\\\/sti.heldensupport.com\\\/events\\\/paris-packaging-week-27\\\/#breadcrumb\",\"itemListElement\":[{\"@type\":\"ListItem\",\"position\":1,\"name\":\"Start\",\"item\":\"https:\\\/\\\/sti.heldensupport.com\\\/\"},{\"@type\":\"ListItem\",\"position\":2,\"name\":\"Paris Packaging Week 27\"}]},{\"@type\":\"WebSite\",\"@id\":\"https:\\\/\\\/sti.heldensupport.com\\\/#website\",\"url\":\"https:\\\/\\\/sti.heldensupport.com\\\/\",\"name\":\"STI - Group\",\"description\":\"Pioneers in Packaging\",\"publisher\":{\"@id\":\"https:\\\/\\\/sti.heldensupport.com\\\/#organization\"},\"potentialAction\":[{\"@type\":\"SearchAction\",\"target\":{\"@type\":\"EntryPoint\",\"urlTemplate\":\"https:\\\/\\\/sti.heldensupport.com\\\/?s={search_term_string}\"},\"query-input\":{\"@type\":\"PropertyValueSpecification\",\"valueRequired\":true,\"valueName\":\"search_term_string\"}}],\"inLanguage\":\"hu\"},{\"@type\":\"Organization\",\"@id\":\"https:\\\/\\\/sti.heldensupport.com\\\/#organization\",\"name\":\"STI - Group\",\"url\":\"https:\\\/\\\/sti.heldensupport.com\\\/\",\"logo\":{\"@type\":\"ImageObject\",\"inLanguage\":\"hu\",\"@id\":\"https:\\\/\\\/sti.heldensupport.com\\\/#\\\/schema\\\/logo\\\/image\\\/\",\"url\":\"https:\\\/\\\/sti.heldensupport.com\\\/wp-content\\\/uploads\\\/2026\\\/08\\\/cropped-Favicon-STI-Group.jpg\",\"contentUrl\":\"https:\\\/\\\/sti.heldensupport.com\\\/wp-content\\\/uploads\\\/2026\\\/08\\\/cropped-Favicon-STI-Group.jpg\",\"width\":512,\"height\":512,\"caption\":\"STI - Group\"},\"image\":{\"@id\":\"https:\\\/\\\/sti.heldensupport.com\\\/#\\\/schema\\\/logo\\\/image\\\/\"}}]}<\/script>\n<!-- \/ Yoast SEO Premium plugin. -->","yoast_head_json":{"title":"Paris Packaging Week 27 - STI Group","robots":{"index":"index","follow":"follow","max-snippet":"max-snippet:-1","max-image-preview":"max-image-preview:large","max-video-preview":"max-video-preview:-1"},"canonical":"https:\/\/sti.heldensupport.com\/hu\/events\/paris-packaging-week-27\/","og_locale":"hu_HU","og_type":"article","og_title":"Paris Packaging Week 27","og_description":"Die Paris Packaging Week 2027 findet vom 3. bis 4. Februar 2027 im Messegel\u00e4nde Paris Expo Porte de Versailles (Pavillon 1) in Paris statt. Sie ist eine wichtige Messe f\u00fcr Verpackungsdesign und Innovation in den Bereichen Kosmetik, Luxusg\u00fcter und Getr\u00e4nke.","og_url":"https:\/\/sti.heldensupport.com\/hu\/events\/paris-packaging-week-27\/","og_site_name":"STI Group","article_modified_time":"2026-07-30T08:32:48+00:00","og_image":[{"width":200,"height":200,"url":"https:\/\/sti.heldensupport.com\/wp-content\/uploads\/2026\/07\/parispackagingweek_logo.jpg","type":"image\/jpeg"}],"twitter_card":"summary_large_image","schema":{"@context":"https:\/\/schema.org","@graph":[{"@type":"WebPage","@id":"https:\/\/sti.heldensupport.com\/events\/paris-packaging-week-27\/","url":"https:\/\/sti.heldensupport.com\/events\/paris-packaging-week-27\/","name":"Paris Packaging Week 27 - STI Group","isPartOf":{"@id":"https:\/\/sti.heldensupport.com\/#website"},"primaryImageOfPage":{"@id":"https:\/\/sti.heldensupport.com\/events\/paris-packaging-week-27\/#primaryimage"},"image":{"@id":"https:\/\/sti.heldensupport.com\/events\/paris-packaging-week-27\/#primaryimage"},"thumbnailUrl":"https:\/\/sti.heldensupport.com\/wp-content\/uploads\/2026\/07\/parispackagingweek_logo.jpg","datePublished":"2026-07-30T08:32:47+00:00","dateModified":"2026-07-30T08:32:48+00:00","breadcrumb":{"@id":"https:\/\/sti.heldensupport.com\/events\/paris-packaging-week-27\/#breadcrumb"},"inLanguage":"hu","potentialAction":[{"@type":"ReadAction","target":["https:\/\/sti.heldensupport.com\/events\/paris-packaging-week-27\/"]}]},{"@type":"ImageObject","inLanguage":"hu","@id":"https:\/\/sti.heldensupport.com\/events\/paris-packaging-week-27\/#primaryimage","url":"https:\/\/sti.heldensupport.com\/wp-content\/uploads\/2026\/07\/parispackagingweek_logo.jpg","contentUrl":"https:\/\/sti.heldensupport.com\/wp-content\/uploads\/2026\/07\/parispackagingweek_logo.jpg","width":1500,"height":1500,"caption":"Paris Packaging Week"},{"@type":"BreadcrumbList","@id":"https:\/\/sti.heldensupport.com\/events\/paris-packaging-week-27\/#breadcrumb","itemListElement":[{"@type":"ListItem","position":1,"name":"Start","item":"https:\/\/sti.heldensupport.com\/"},{"@type":"ListItem","position":2,"name":"Paris Packaging Week 27"}]},{"@type":"WebSite","@id":"https:\/\/sti.heldensupport.com\/#website","url":"https:\/\/sti.heldensupport.com\/","name":"STI - Csoport","description":"A csomagol\u00e1s \u00fatt\u00f6r\u0151i","publisher":{"@id":"https:\/\/sti.heldensupport.com\/#organization"},"potentialAction":[{"@type":"SearchAction","target":{"@type":"EntryPoint","urlTemplate":"https:\/\/sti.heldensupport.com\/?s={search_term_string}"},"query-input":{"@type":"PropertyValueSpecification","valueRequired":true,"valueName":"search_term_string"}}],"inLanguage":"hu"},{"@type":"Organization","@id":"https:\/\/sti.heldensupport.com\/#organization","name":"STI - Csoport","url":"https:\/\/sti.heldensupport.com\/","logo":{"@type":"ImageObject","inLanguage":"hu","@id":"https:\/\/sti.heldensupport.com\/#\/schema\/logo\/image\/","url":"https:\/\/sti.heldensupport.com\/wp-content\/uploads\/2026\/08\/cropped-Favicon-STI-Group.jpg","contentUrl":"https:\/\/sti.heldensupport.com\/wp-content\/uploads\/2026\/08\/cropped-Favicon-STI-Group.jpg","width":512,"height":512,"caption":"STI - Group"},"image":{"@id":"https:\/\/sti.heldensupport.com\/#\/schema\/logo\/image\/"}}]}},"_links":{"self":[{"href":"https:\/\/sti.heldensupport.com\/hu\/wp-json\/wp\/v2\/events\/1378","targetHints":{"allow":["GET"]}}],"collection":[{"href":"https:\/\/sti.heldensupport.com\/hu\/wp-json\/wp\/v2\/events"}],"about":[{"href":"https:\/\/sti.heldensupport.com\/hu\/wp-json\/wp\/v2\/types\/events"}],"wp:featuredmedia":[{"embeddable":true,"href":"https:\/\/sti.heldensupport.com\/hu\/wp-json\/wp\/v2\/media\/919"}],"wp:attachment":[{"href":"https:\/\/sti.heldensupport.com\/hu\/wp-json\/wp\/v2\/media?parent=1378"}],"wp:term":[{"taxonomy":"post_tag","embeddable":true,"href":"https:\/\/sti.heldensupport.com\/hu\/wp-json\/wp\/v2\/tags?post=1378"}],"curies":[{"name":"wp","href":"https:\/\/api.w.org\/{rel}","templated":true}]}}